{"id":8068,"date":"2020-10-19T18:33:55","date_gmt":"2020-10-19T16:33:55","guid":{"rendered":"https:\/\/www.adecose.com\/?page_id=8068"},"modified":"2021-07-19T10:46:01","modified_gmt":"2021-07-19T08:46:01","slug":"interviews","status":"publish","type":"page","link":"https:\/\/www.adecose.com\/en\/interviews\/","title":{"rendered":"Interviews"},"content":{"rendered":"[vc_row type=&#8221;full_width_background&#8221; full_screen_row_position=&#8221;middle&#8221; column_margin=&#8221;default&#8221; column_direction=&#8221;default&#8221; column_direction_tablet=&#8221;default&#8221; column_direction_phone=&#8221;default&#8221; bg_image=&#8221;6818&#8243; bg_position=&#8221;center center&#8221; bg_repeat=&#8221;no-repeat&#8221; scene_position=&#8221;center&#8221; top_padding=&#8221;13%&#8221; bottom_padding=&#8221;9%&#8221; text_color=&#8221;light&#8221; text_align=&#8221;left&#8221; row_border_radius=&#8221;none&#8221; row_border_radius_applies=&#8221;bg&#8221; enable_gradient=&#8221;true&#8221; color_overlay=&#8221;#045b9c&#8221; color_overlay_2=&#8221;rgba(43,170,226,0.88)&#8221; overlay_strength=&#8221;0.95&#8243; gradient_direction=&#8221;left_t_to_right_b&#8221; shape_divider_position=&#8221;bottom&#8221; bg_image_animation=&#8221;zoom-out&#8221; parallax_bg=&#8221;true&#8221; parallax_bg_speed=&#8221;fast&#8221; shape_type=&#8221;&#8221;][vc_column column_padding=&#8221;no-extra-padding&#8221; column_padding_tablet=&#8221;inherit&#8221; column_padding_phone=&#8221;inherit&#8221; column_padding_position=&#8221;all&#8221; background_color_opacity=&#8221;1&#8243; background_hover_color_opacity=&#8221;1&#8243; column_shadow=&#8221;none&#8221; column_border_radius=&#8221;none&#8221; column_link_target=&#8221;_self&#8221; gradient_direction=&#8221;left_to_right&#8221; overlay_strength=&#8221;0.3&#8243; width=&#8221;1\/1&#8243; tablet_width_inherit=&#8221;default&#8221; tablet_text_alignment=&#8221;default&#8221; phone_text_alignment=&#8221;default&#8221; column_border_width=&#8221;none&#8221; column_border_style=&#8221;solid&#8221; bg_image_animation=&#8221;none&#8221;][vc_column_text]\n<h1>ADECOSE in the media<\/h1>\n<p>See the latest ADECOSE interviews from the specialized press[\/vc_column_text][\/vc_column][\/vc_row][vc_row type=&#8221;full_width_content&#8221; full_screen_row_position=&#8221;middle&#8221; column_margin=&#8221;default&#8221; column_direction=&#8221;default&#8221; column_direction_tablet=&#8221;default&#8221; column_direction_phone=&#8221;default&#8221; scene_position=&#8221;center&#8221; text_color=&#8221;dark&#8221; text_align=&#8221;left&#8221; row_border_radius=&#8221;none&#8221; row_border_radius_applies=&#8221;bg&#8221; overlay_strength=&#8221;0.3&#8243; gradient_direction=&#8221;left_to_right&#8221; shape_divider_position=&#8221;bottom&#8221; bg_image_animation=&#8221;none&#8221; shape_type=&#8221;&#8221;][vc_column column_padding=&#8221;no-extra-padding&#8221; column_padding_tablet=&#8221;inherit&#8221; column_padding_phone=&#8221;inherit&#8221; column_padding_position=&#8221;all&#8221; centered_text=&#8221;true&#8221; background_color_opacity=&#8221;1&#8243; background_hover_color_opacity=&#8221;1&#8243; column_shadow=&#8221;none&#8221; column_border_radius=&#8221;none&#8221; column_link_target=&#8221;_self&#8221; gradient_direction=&#8221;left_to_right&#8221; overlay_strength=&#8221;0.3&#8243; width=&#8221;1\/1&#8243; tablet_width_inherit=&#8221;default&#8221; tablet_text_alignment=&#8221;default&#8221; phone_text_alignment=&#8221;default&#8221; column_border_width=&#8221;none&#8221; column_border_style=&#8221;solid&#8221; bg_image_animation=&#8221;none&#8221;][carousel script=&#8221;owl_carousel&#8221; desktop_cols=&#8221;6&#8243; desktop_small_cols=&#8221;3&#8243; tablet_cols=&#8221;3&#8243; mobile_cols=&#8221;3&#8243; column_padding=&#8221;40px&#8221; loop=&#8221;true&#8221;][item id=&#8221;1626684333132-10&#8243; tab_id=&#8221;1626684333133-4&#8243; title=&#8221;Elemento&#8221;][image_with_animation image_url=&#8221;10160&#8243; animation=&#8221;Fade In&#8221; hover_animation=&#8221;none&#8221; alignment=&#8221;&#8221; border_radius=&#8221;none&#8221; box_shadow=&#8221;none&#8221; image_loading=&#8221;default&#8221; max_width=&#8221;100%&#8221; max_width_mobile=&#8221;default&#8221;][\/item][item id=&#8221;1626684333182-5&#8243; tab_id=&#8221;1626684333183-0&#8243; title=&#8221;Elemento&#8221;][image_with_animation image_url=&#8221;10165&#8243; animation=&#8221;Fade In&#8221; hover_animation=&#8221;none&#8221; alignment=&#8221;&#8221; border_radius=&#8221;none&#8221; box_shadow=&#8221;none&#8221; image_loading=&#8221;default&#8221; max_width=&#8221;100%&#8221; max_width_mobile=&#8221;default&#8221;][\/item][item id=&#8221;1626684333200-10&#8243; tab_id=&#8221;1626684333200-2&#8243; title=&#8221;Elemento&#8221;][image_with_animation image_url=&#8221;10170&#8243; animation=&#8221;Fade In&#8221; hover_animation=&#8221;none&#8221; alignment=&#8221;&#8221; border_radius=&#8221;none&#8221; box_shadow=&#8221;none&#8221; image_loading=&#8221;default&#8221; max_width=&#8221;100%&#8221; max_width_mobile=&#8221;default&#8221;][\/item][item title=&#8221;Elemento&#8221; id=&#8221;1626684333216-7&#8243; tab_id=&#8221;1626684333217-1&#8243;][image_with_animation image_url=&#8221;10180&#8243; animation=&#8221;Fade In&#8221; hover_animation=&#8221;none&#8221; alignment=&#8221;&#8221; border_radius=&#8221;none&#8221; box_shadow=&#8221;none&#8221; image_loading=&#8221;default&#8221; max_width=&#8221;100%&#8221; max_width_mobile=&#8221;default&#8221;][\/item][item title=&#8221;Elemento&#8221; id=&#8221;1626684333235-5&#8243; tab_id=&#8221;1626684333235-8&#8243;][image_with_animation image_url=&#8221;10175&#8243; animation=&#8221;Fade In&#8221; hover_animation=&#8221;none&#8221; alignment=&#8221;&#8221; border_radius=&#8221;none&#8221; box_shadow=&#8221;none&#8221; image_loading=&#8221;default&#8221; max_width=&#8221;100%&#8221; max_width_mobile=&#8221;default&#8221;][\/item][item title=&#8221;Elemento&#8221; id=&#8221;1626684333253-1&#8243; tab_id=&#8221;1626684333254-5&#8243;][image_with_animation image_url=&#8221;10185&#8243; animation=&#8221;Fade In&#8221; hover_animation=&#8221;none&#8221; alignment=&#8221;&#8221; border_radius=&#8221;none&#8221; box_shadow=&#8221;none&#8221; image_loading=&#8221;default&#8221; max_width=&#8221;100%&#8221; max_width_mobile=&#8221;default&#8221;][\/item][\/carousel][\/vc_column][\/vc_row][vc_row type=&#8221;in_container&#8221; full_screen_row_position=&#8221;middle&#8221; column_margin=&#8221;default&#8221; column_direction=&#8221;default&#8221; column_direction_tablet=&#8221;default&#8221; column_direction_phone=&#8221;default&#8221; scene_position=&#8221;center&#8221; top_padding=&#8221;8%&#8221; constrain_group_1=&#8221;yes&#8221; bottom_padding=&#8221;8%&#8221; text_color=&#8221;dark&#8221; text_align=&#8221;left&#8221; row_border_radius=&#8221;none&#8221; row_border_radius_applies=&#8221;bg&#8221; overlay_strength=&#8221;0.3&#8243; gradient_direction=&#8221;left_to_right&#8221; shape_divider_position=&#8221;bottom&#8221; bg_image_animation=&#8221;none&#8221; shape_type=&#8221;&#8221;][vc_column column_padding=&#8221;no-extra-padding&#8221; column_padding_tablet=&#8221;inherit&#8221; column_padding_phone=&#8221;inherit&#8221; column_padding_position=&#8221;all&#8221; background_color_opacity=&#8221;1&#8243; background_hover_color_opacity=&#8221;1&#8243; column_shadow=&#8221;none&#8221; column_border_radius=&#8221;none&#8221; column_link_target=&#8221;_self&#8221; gradient_direction=&#8221;left_to_right&#8221; overlay_strength=&#8221;0.3&#8243; width=&#8221;1\/1&#8243; tablet_width_inherit=&#8221;default&#8221; tablet_text_alignment=&#8221;default&#8221; phone_text_alignment=&#8221;default&#8221; column_border_width=&#8221;none&#8221; column_border_style=&#8221;solid&#8221; bg_image_animation=&#8221;fade-in&#8221; enable_animation=&#8221;true&#8221; animation=&#8221;fade-in-from-bottom&#8221;][divider line_type=&#8221;No Line&#8221; custom_height=&#8221;100&#8243;]<div class=\"iwithtext\"><div class=\"iwt-icon\"> <i class=\"icon-default-style fa fa-chevron-right accent-color\"><\/i> <\/div><div class=\"iwt-text\"> 16.07.2021 | Grupo Aseguranza<\/p>\n<h3 class=\"article-title\">ADECOSE, entre los influencers de la mediaci\u00f3n de seguros en Twitter<\/h3>\n<p class=\"elementor-heading-title elementor-size-default\"><a style=\"font-size: 16px;\" href=\"https:\/\/www.grupoaseguranza.com\/noticias\/influencers-mediacion-seguros-twitter\" target=\"_blank\" rel=\"noopener noreferrer\">Read News<\/a><\/p>\n <\/div><div class=\"clear\"><\/div><\/div>[divider line_type=&#8221;Full Width Line&#8221; line_thickness=&#8221;1&#8243; divider_color=&#8221;accent-color&#8221; custom_height=&#8221;100&#8243;]<div class=\"iwithtext\"><div class=\"iwt-icon\"> <i class=\"icon-default-style fa fa-chevron-right accent-color\"><\/i> <\/div><div class=\"iwt-text\"> 07.06.2021 | Revista Aseguranza<\/p>\n<h3 class=\"elementor-heading-title elementor-size-default\">Reportaje: Las peticiones de la mediaci\u00f3n a las compa\u00f1\u00edas de seguros<\/h3>\n<p class=\"elementor-heading-title elementor-size-default\"><a style=\"font-size: 16px;\" href=\"https:\/\/www.grupoaseguranza.com\/version-digital\/aseguranza-junio-2021-272\" target=\"_blank\" rel=\"noopener noreferrer\">Read news<\/a><\/p>\n <\/div><div class=\"clear\"><\/div><\/div>[divider line_type=&#8221;Full Width Line&#8221; line_thickness=&#8221;1&#8243; divider_color=&#8221;accent-color&#8221; custom_height=&#8221;100&#8243;]<div class=\"iwithtext\"><div class=\"iwt-icon\"> <i class=\"icon-default-style fa fa-chevron-right accent-color\"><\/i> <\/div><div class=\"iwt-text\"> 01.06.2021 | Actualidad Aseguradora<\/p>\n<h3 class=\"elementor-heading-title elementor-size-default\">Real Decreto de Formaci\u00f3n: M\u00e1s que una obligaci\u00f3n legal<\/h3>\n<p class=\"elementor-heading-title elementor-size-default\"><a style=\"font-size: 16px;\" href=\"https:\/\/actualidadaseguradora.inese.es\/revista\/articulo?id=413\" target=\"_blank\" rel=\"noopener noreferrer\">Read news<\/a><\/p>\n <\/div><div class=\"clear\"><\/div><\/div>[divider line_type=&#8221;Full Width Line&#8221; line_thickness=&#8221;1&#8243; divider_color=&#8221;accent-color&#8221; custom_height=&#8221;100&#8243;]<div class=\"iwithtext\"><div class=\"iwt-icon\"> <i class=\"icon-default-style fa fa-chevron-right accent-color\"><\/i> <\/div><div class=\"iwt-text\"> 14.05.2021 | Diario de Pontevedra<\/p>\n<h3 class=\"elementor-heading-title elementor-size-default\">D\u00eda Mundial del Seguro con actos online<\/h3>\n<p><a href=\"https:\/\/www.adecose.com\/wp-content\/uploads\/2021\/05\/Diario-de-Pontevedra.pdf\" target=\"_blank\" rel=\"noopener noreferrer\">Read news<\/a> <\/div><div class=\"clear\"><\/div><\/div>[divider line_type=&#8221;Full Width Line&#8221; line_thickness=&#8221;1&#8243; divider_color=&#8221;accent-color&#8221; custom_height=&#8221;100&#8243;]<div class=\"iwithtext\"><div class=\"iwt-icon\"> <i class=\"icon-default-style fa fa-chevron-right accent-color\"><\/i> <\/div><div class=\"iwt-text\"> 01.04.2021 | Actualidad Aseguradora<\/p>\n<h3 class=\"elementor-heading-title elementor-size-default\">Tribuna Mart\u00edn Navaz: \u00abNuevas estrategias\u00bb<\/h3>\n<p><a href=\"https:\/\/actualidadaseguradora.inese.es\/revista\/articulo?id=193\" target=\"_blank\" rel=\"noopener noreferrer\">Read news<\/a> <\/div><div class=\"clear\"><\/div><\/div>[divider line_type=&#8221;Full Width Line&#8221; line_thickness=&#8221;1&#8243; divider_color=&#8221;accent-color&#8221; custom_height=&#8221;100&#8243;]<div class=\"iwithtext\"><div class=\"iwt-icon\"> <i class=\"icon-default-style fa fa-chevron-right accent-color\"><\/i> <\/div><div class=\"iwt-text\"> 24.02.2021 | Expansi\u00f3n<\/p>\n<h3 class=\"elementor-heading-title elementor-size-default\">Los corredores piden a la CNMC vigilar los abusos bancarios al vender seguros<\/h3>\n<p><a href=\"http:\/\/adecose.com\/wp-content\/uploads\/2021\/02\/55.-2402-Expansio\u0301n.pdf\" target=\"_blank\" rel=\"noopener noreferrer\">Read news<\/a> <\/div><div class=\"clear\"><\/div><\/div>[divider line_type=&#8221;Full Width Line&#8221; line_thickness=&#8221;1&#8243; divider_color=&#8221;accent-color&#8221; custom_height=&#8221;100&#8243;]<div class=\"iwithtext\"><div class=\"iwt-icon\"> <i class=\"icon-default-style fa fa-chevron-right accent-color\"><\/i> <\/div><div class=\"iwt-text\"> 17.02.2021 | ADN del Seguro<\/p>\n<h3 class=\"elementor-heading-title elementor-size-default\">Las aseguradoras obtienen un 6,84 en el \u2018XII Bar\u00f3metro Adecose\u2019<\/h3>\n<p><a href=\"https:\/\/adndelseguro.com\/mediacion\/barometro-adecose-aseguradoras-nota-media-2020\/\" target=\"_blank\" rel=\"noopener noreferrer\">Read news<\/a> <\/div><div class=\"clear\"><\/div><\/div>[divider line_type=&#8221;Full Width Line&#8221; line_thickness=&#8221;1&#8243; divider_color=&#8221;accent-color&#8221; custom_height=&#8221;100&#8243;]<div class=\"iwithtext\"><div class=\"iwt-icon\"> <i class=\"icon-default-style fa fa-chevron-right accent-color\"><\/i> <\/div><div class=\"iwt-text\"> 27.01.2021 | Diario Vasco<\/p>\n<h3>Miles de reclamaciones durante el confinamiento<\/h3>\n<p><a href=\"https:\/\/www.diariovasco.com\/sociedad\/miles-reclamaciones-confinamiento-20210124132821-ntrc.html?ref=https:%2F%2Fwww.pressclipping.com%2F\" target=\"_blank\" rel=\"noopener noreferrer\">Read news<\/a> <\/div><div class=\"clear\"><\/div><\/div>[divider line_type=&#8221;Full Width Line&#8221; line_thickness=&#8221;1&#8243; divider_color=&#8221;accent-color&#8221; custom_height=&#8221;100&#8243;]<div class=\"iwithtext\"><div class=\"iwt-icon\"> <i class=\"icon-default-style fa fa-chevron-right accent-color\"><\/i> <\/div><div class=\"iwt-text\"> 21.01.2021 | Diario 24 Horas (TVE)<\/p>\n<h3><span class=\"css-901oao css-16my406 r-poiln3 r-bcqeeo r-qvutc0\">Entrevista a\u00a0<\/span><span class=\"css-901oao css-16my406 r-poiln3 r-b88u0q r-bcqeeo r-qvutc0\">Borja<\/span>\u00a0<span class=\"css-901oao css-16my406 r-poiln3 r-b88u0q r-bcqeeo r-qvutc0\">L\u00f3pez-Chicheri<\/span><span class=\"css-901oao css-16my406 r-poiln3 r-bcqeeo r-qvutc0\">,\u00a0<\/span><span class=\"css-901oao css-16my406 r-poiln3 r-b88u0q r-bcqeeo r-qvutc0\">director<\/span>\u00a0gerente de ADECOSE<span class=\"css-901oao css-16my406 r-poiln3 r-bcqeeo r-qvutc0\">: \u00bfQu\u00e9 cubren y que no los\u00a0<span class=\"css-901oao css-16my406 r-poiln3 r-b88u0q r-bcqeeo r-qvutc0\">seguros<\/span>\u00a0ante un caso como el temporal\u00a0<span class=\"css-901oao css-16my406 r-poiln3 r-b88u0q r-bcqeeo r-qvutc0\">de<\/span>\u00a0nieve?<\/span><\/h3>\n<p><a href=\"https:\/\/www.diariovasco.com\/sociedad\/miles-reclamaciones-confinamiento-20210124132821-ntrc.html?ref=https:%2F%2Fwww.pressclipping.com%2F\" target=\"_blank\" rel=\"noopener noreferrer\">Read news<\/a> <\/div><div class=\"clear\"><\/div><\/div>[divider line_type=&#8221;Full Width Line&#8221; line_thickness=&#8221;1&#8243; divider_color=&#8221;accent-color&#8221; custom_height=&#8221;100&#8243;]<div class=\"iwithtext\"><div class=\"iwt-icon\"> <i class=\"icon-default-style fa fa-chevron-right accent-color\"><\/i> <\/div><div class=\"iwt-text\"> 14.01.2021 | TeleMadrid<\/p>\n<h3 class=\"headline\">La declaraci\u00f3n de zona catastr\u00f3fica incluye ayudas, moratorias y pr\u00e9stamos, pero no indemnizaciones<\/h3>\n<p><a href=\"https:\/\/www.telemadrid.es\/programas\/telenoticias-1\/declaracion-catastrofica-moratorias-prestamos-indemnizaciones-2-2304989501--20210114030921.html\" target=\"_blank\" rel=\"noopener noreferrer\">Read news<\/a> <\/div><div class=\"clear\"><\/div><\/div>[divider line_type=&#8221;Full Width Line&#8221; line_thickness=&#8221;1&#8243; divider_color=&#8221;accent-color&#8221; custom_height=&#8221;100&#8243;]<div class=\"iwithtext\"><div class=\"iwt-icon\"> <i class=\"icon-default-style fa fa-chevron-right accent-color\"><\/i> <\/div><div class=\"iwt-text\"> 12.01.2021 | TeleMadrid<\/p>\n<h3 class=\"headline\">\u00bfQu\u00e9 cubren los seguros con la nevada en Madrid?<\/h3>\n<p><a href=\"https:\/\/www.telemadrid.es\/programas\/telenoticias-1\/cubren-seguros-nevada-Madrid-2-2304389594--20210112045805.html\" target=\"_blank\" rel=\"noopener noreferrer\">Read news<\/a> <\/div><div class=\"clear\"><\/div><\/div>[divider line_type=&#8221;Full Width Line&#8221; line_thickness=&#8221;1&#8243; divider_color=&#8221;accent-color&#8221; custom_height=&#8221;100&#8243;]<div class=\"iwithtext\"><div class=\"iwt-icon\"> <i class=\"icon-default-style fa fa-chevron-right accent-color\"><\/i> <\/div><div class=\"iwt-text\"> 14.01.2021 | Ya es Mediod\u00eda (Telecinco)<\/p>\n<h3 class=\"headline\">Entrevista a Mart\u00edn Navaz, presidente de ADECOSE:\u00a0<b>\u00bfQu\u00e9 implica declarar una \u00abZona Catastr\u00f3fica\u00bb?<\/b><\/h3>\n<p><a href=\"https:\/\/www.linkedin.com\/feed\/update\/urn:li:activity:6755776521186639872\/\" target=\"_blank\" rel=\"noopener noreferrer\">Read news<\/a> <\/div><div class=\"clear\"><\/div><\/div>[divider line_type=&#8221;Full Width Line&#8221; line_thickness=&#8221;1&#8243; divider_color=&#8221;accent-color&#8221; custom_height=&#8221;100&#8243;]<div class=\"iwithtext\"><div class=\"iwt-icon\"> <i class=\"icon-default-style fa fa-chevron-right accent-color\"><\/i> <\/div><div class=\"iwt-text\"> 01.12.2020 | Espejo P\u00fablico<\/p>\n<h3 class=\"headline | font--primary headline\">Entrevista a Mart\u00edn Navaz, presidente de ADECOSE, sobre las subida del Impuesto sobre la Prima del Seguro<\/h3>\n<p><a href=\"https:\/\/www.linkedin.com\/feed\/update\/urn:li:activity:6740237858713432064\/\" target=\"_blank\" rel=\"noopener noreferrer\">Ver entrevista<\/a> <\/div><div class=\"clear\"><\/div><\/div>[divider line_type=&#8221;Full Width Line&#8221; line_thickness=&#8221;1&#8243; divider_color=&#8221;accent-color&#8221; custom_height=&#8221;100&#8243;]<div class=\"iwithtext\"><div class=\"iwt-icon\"> <i class=\"icon-default-style fa fa-chevron-right accent-color\"><\/i> <\/div><div class=\"iwt-text\"> 16.10.2020 | La Vanguardia<\/p>\n<h3><strong>\u00bfC\u00f3mo mejorar la cultura financiera del d\u00eda a d\u00eda?<\/strong><\/h3>\n<p><a href=\"https:\/\/www.lavanguardia.com\/seguros\/vida\/20201016\/484108730290\/seguros-cultura-financiera-ahorro-prevision.html\" target=\"_blank\" rel=\"noopener noreferrer\">Read news<\/a> <\/div><div class=\"clear\"><\/div><\/div>[divider line_type=&#8221;Full Width Line&#8221; line_thickness=&#8221;1&#8243; divider_color=&#8221;accent-color&#8221; custom_height=&#8221;100&#8243;]<div class=\"iwithtext\"><div class=\"iwt-icon\"> <i class=\"icon-default-style fa fa-chevron-right accent-color\"><\/i> <\/div><div class=\"iwt-text\"> 05.10.2020 | El Economista<\/p>\n<h3>El nivel de cultura financiera en Espa\u00f1a se sit\u00faa por debajo de la media europea<\/h3>\n<p><a href=\"https:\/\/www.eleconomista.es\/ecoaula\/noticias\/10808028\/10\/20\/El-nivel-de-cultura-financiera-en-Espana-se-situa-por-debajo-de-la-media-europea.html\" target=\"_blank\" rel=\"noopener noreferrer\">Read news<\/a> <\/div><div class=\"clear\"><\/div><\/div>[divider line_type=&#8221;Full Width Line&#8221; line_thickness=&#8221;1&#8243; divider_color=&#8221;accent-color&#8221; custom_height=&#8221;100&#8243;]<div class=\"iwithtext\"><div class=\"iwt-icon\"> <i class=\"icon-default-style fa fa-chevron-right accent-color\"><\/i> <\/div><div class=\"iwt-text\"> 25.07.2020 | Expansi\u00f3n<\/p>\n<h3>S\u00f3lo un espa\u00f1ol accede al club de expertos que orienta al supervisor europeo de los seguros<\/h3>\n<p><a href=\"https:\/\/www.expansion.com\/empresas\/banca\/2020\/07\/25\/5f1b3ef9e5fdea33498b460d.html\" target=\"_blank\" rel=\"noopener noreferrer\">Read news<\/a> <\/div><div class=\"clear\"><\/div><\/div>[divider line_type=&#8221;Full Width Line&#8221; line_thickness=&#8221;1&#8243; divider_color=&#8221;accent-color&#8221; custom_height=&#8221;100&#8243;]<div class=\"iwithtext\"><div class=\"iwt-icon\"> <i class=\"icon-default-style fa fa-chevron-right accent-color\"><\/i> <\/div><div class=\"iwt-text\"> 21.07.2020 | La Vanguardia<\/p>\n<h3>Covid-19: La mayor campan\u0303a para el seguro de viaje<\/h3>\n<p><a href=\"https:\/\/www.lavanguardia.com\/seguros\/viajes\/20200721\/482453486376\/seguros-viajes-desplazamientos-turismo.html\" target=\"_blank\" rel=\"noopener noreferrer\">Read news<\/a> <\/div><div class=\"clear\"><\/div><\/div>[divider line_type=&#8221;Full Width Line&#8221; line_thickness=&#8221;1&#8243; divider_color=&#8221;accent-color&#8221; custom_height=&#8221;100&#8243;]<div class=\"iwithtext\"><div class=\"iwt-icon\"> <i class=\"icon-default-style fa fa-chevron-right accent-color\"><\/i> <\/div><div class=\"iwt-text\"> 21.07.2020 | Expansi\u00f3n<\/p>\n<h3>El seguro de empresas se blinda y excluye las pandemias de las p\u00f3lizas<\/h3>\n<p><a href=\"https:\/\/www.expansion.com\/empresas\/banca\/2020\/07\/14\/5f0cb7fc468aebdf3f8b4573.html\" target=\"_blank\" rel=\"noopener noreferrer\">Read news<\/a> <\/div><div class=\"clear\"><\/div><\/div>[divider line_type=&#8221;Full Width Line&#8221; line_thickness=&#8221;1&#8243; divider_color=&#8221;accent-color&#8221; custom_height=&#8221;100&#8243;]<div class=\"iwithtext\"><div class=\"iwt-icon\"> <i class=\"icon-default-style fa fa-chevron-right accent-color\"><\/i> <\/div><div class=\"iwt-text\"> 30.06.2020 | La Raz\u00f3n.<\/p>\n<h3>Interview with Mart\u00edn Navaz: \u201cEsperamos una avalancha de reclamaciones hacia la Administraci\u00f3n\u201d.<\/h3>\n<p><a href=\"https:\/\/www.larazon.es\/economia\/20200603\/gxgz46atgnalxk5vq6zo3j6bkm.html\" target=\"_blank\" rel=\"noopener noreferrer\">Read interview<\/a> <\/div><div class=\"clear\"><\/div><\/div>[divider line_type=&#8221;Full Width Line&#8221; line_thickness=&#8221;1&#8243; divider_color=&#8221;accent-color&#8221; custom_height=&#8221;100&#8243;]<div class=\"iwithtext\"><div class=\"iwt-icon\"> <i class=\"icon-default-style fa fa-chevron-right accent-color\"><\/i> <\/div><div class=\"iwt-text\"> 10.06.2020 | El Economista<\/p>\n<h3>Las aseguradoras se unen a la iniciativa solidaria de la mediaci\u00f3n<\/h3>\n<p><a href=\"https:\/\/revistas.eleconomista.es\/seguros\/2020\/junio\/las-aseguradoras-se-unen-a-la-iniciativa-solidaria-de-la-mediacion-BM3385571\" target=\"_blank\" rel=\"noopener noreferrer\">Read news<\/a> <\/div><div class=\"clear\"><\/div><\/div>[divider line_type=&#8221;Full Width Line&#8221; line_thickness=&#8221;1&#8243; divider_color=&#8221;accent-color&#8221; custom_height=&#8221;100&#8243;]<div class=\"iwithtext\"><div class=\"iwt-icon\"> <i class=\"icon-default-style fa fa-chevron-right accent-color\"><\/i> <\/div><div class=\"iwt-text\"> 25.06.2020 | La Vanguardia<\/p>\n<h3 class=\"d-title__txt\">\u00bfQui\u00e9n pagar\u00e1 el coste del Seguro de salud por la Covid?<\/h3>\n<p><a href=\"https:\/\/www.lavanguardia.com\/seguros\/medicos\/20200625\/481946145814\/seguro-salud-primas-coste-salud-covid-19.html\" target=\"_blank\" rel=\"noopener noreferrer\">Read news<\/a> <\/div><div class=\"clear\"><\/div><\/div>[divider line_type=&#8221;Full Width Line&#8221; line_thickness=&#8221;1&#8243; divider_color=&#8221;accent-color&#8221; custom_height=&#8221;100&#8243;]<div class=\"iwithtext\"><div class=\"iwt-icon\"> <i class=\"icon-default-style fa fa-chevron-right accent-color\"><\/i> <\/div><div class=\"iwt-text\"> 13.05.2020 | El Economista.<\/p>\n<h3>Corredores de seguros y compa\u00f1\u00edas ayudan contra el Covid-19.<\/h3>\n<p><a href=\"https:\/\/revistas.eleconomista.es\/seguros\/2020\/mayo\/corredores-de-seguros-y-companias-ayudan-contra-el-covid-19-MH2988196\" target=\"_blank\" rel=\"noopener noreferrer\">Read news<\/a> <\/div><div class=\"clear\"><\/div><\/div>[divider line_type=&#8221;Full Width Line&#8221; line_thickness=&#8221;1&#8243; divider_color=&#8221;accent-color&#8221; custom_height=&#8221;100&#8243;]<div class=\"iwithtext\"><div class=\"iwt-icon\"> <i class=\"icon-default-style fa fa-chevron-right accent-color\"><\/i> <\/div><div class=\"iwt-text\"> 15.04.2020 | Europa Press.<\/p>\n<h3>Los bancos abren las l\u00edneas de avales del ICO a los mediadores de seguros<\/h3>\n<p><a href=\"https:\/\/www.europapress.es\/economia\/finanzas-00340\/noticia-bancos-abren-lineas-avales-ico-mediadores-seguros-20200415211236.html\" target=\"_blank\" rel=\"noopener noreferrer\">Read news<\/a> <\/div><div class=\"clear\"><\/div><\/div>[divider line_type=&#8221;Full Width Line&#8221; line_thickness=&#8221;1&#8243; divider_color=&#8221;accent-color&#8221; custom_height=&#8221;100&#8243;]<div class=\"iwithtext\"><div class=\"iwt-icon\"> <i class=\"icon-default-style fa fa-chevron-right accent-color\"><\/i> <\/div><div class=\"iwt-text\"> 06.04.2020 | ADN del Seguro.<\/p>\n<h3>Entrevista a Mart\u00edn Navaz: \u201cLa fuerza nos la dan nuestros socios, pero seguimos trabajando para el sector\u201d.<\/h3>\n<p><a href=\"https:\/\/adndelseguro.com\/entrevista\/martin-navaz-adecose-fuerza-sector-socios\/\" target=\"_blank\" rel=\"noopener noreferrer\">Read interview<\/a> <\/div><div class=\"clear\"><\/div><\/div>[divider line_type=&#8221;Full Width Line&#8221; line_thickness=&#8221;1&#8243; divider_color=&#8221;accent-color&#8221; custom_height=&#8221;100&#8243;]<div class=\"iwithtext\"><div class=\"iwt-icon\"> <i class=\"icon-default-style fa fa-chevron-right accent-color\"><\/i> <\/div><div class=\"iwt-text\"> 07.04.2020 | ADN del Seguro<\/p>\n<h3>Interview with Mart\u00edn Navaz: \u201cUno de los puntos clave en nuestro futuro, aparte de ser mejores, m\u00e1s digitales y m\u00e1s cercanos al cliente, es el tema de la formaci\u00f3n\u201d.<\/h3>\n<p><a href=\"https:\/\/adndelseguro.com\/entrevista\/martin-navaz-adecose-puntos-clave-futuro-digitales-cercan\/\" target=\"_blank\" rel=\"noopener noreferrer\">Read interview<\/a> <\/div><div class=\"clear\"><\/div><\/div>[divider line_type=&#8221;Full Width Line&#8221; line_thickness=&#8221;1&#8243; divider_color=&#8221;accent-color&#8221; custom_height=&#8221;100&#8243;]<div class=\"iwithtext\"><div class=\"iwt-icon\"> <i class=\"icon-default-style fa fa-chevron-right accent-color\"><\/i> <\/div><div class=\"iwt-text\"> 16.04.2020 | Seguros TV<\/p>\n<h3><span id=\"ContentPlaceHolder1_lb_Titular01\">Video interview with Mart\u00edn Navaz.<\/span><\/h3>\n<p><a href=\"https:\/\/www.segurostv.es\/v%C3%ADdeo-entrevista-con-mart%C3%ADn-navaz-adecose-2599.aspx\" target=\"_blank\" rel=\"noopener noreferrer\">Read interview<\/a> <\/div><div class=\"clear\"><\/div><\/div>[divider line_type=&#8221;Full Width Line&#8221; line_thickness=&#8221;1&#8243; divider_color=&#8221;accent-color&#8221; custom_height=&#8221;100&#8243;]<div class=\"iwithtext\"><div class=\"iwt-icon\"> <i class=\"icon-default-style fa fa-chevron-right accent-color\"><\/i> <\/div><div class=\"iwt-text\"> 27.02.2020 | La Vanguardia<\/p>\n<h3><span id=\"ContentPlaceHolder1_lb_Titular01\">FP Dual: La expansi\u00f3n de los especialistas en seguros<\/span><\/h3>\n<p><a href=\"https:\/\/www.segurostv.es\/v%C3%ADdeo-entrevista-con-mart%C3%ADn-navaz-adecose-2599.aspx\" target=\"_blank\" rel=\"noopener noreferrer\">Read news<\/a> <\/div><div class=\"clear\"><\/div><\/div>[divider line_type=&#8221;Full Width Line&#8221; line_thickness=&#8221;1&#8243; divider_color=&#8221;accent-color&#8221; custom_height=&#8221;100&#8243;][\/vc_column][\/vc_row][vc_row type=&#8221;full_width_background&#8221; full_screen_row_position=&#8221;middle&#8221; column_margin=&#8221;default&#8221; column_direction=&#8221;default&#8221; column_direction_tablet=&#8221;default&#8221; column_direction_phone=&#8221;default&#8221; bg_color=&#8221;#e6eef4&#8243; scene_position=&#8221;center&#8221; top_padding=&#8221;8%&#8221; bottom_padding=&#8221;8%&#8221; text_color=&#8221;dark&#8221; text_align=&#8221;left&#8221; row_border_radius=&#8221;none&#8221; row_border_radius_applies=&#8221;bg&#8221; overlay_strength=&#8221;0.3&#8243; gradient_direction=&#8221;left_to_right&#8221; shape_divider_position=&#8221;bottom&#8221; bg_image_animation=&#8221;none&#8221; shape_type=&#8221;&#8221;][vc_column column_padding=&#8221;no-extra-padding&#8221; column_padding_tablet=&#8221;inherit&#8221; column_padding_phone=&#8221;inherit&#8221; column_padding_position=&#8221;all&#8221; background_color_opacity=&#8221;1&#8243; background_hover_color_opacity=&#8221;1&#8243; column_shadow=&#8221;none&#8221; column_border_radius=&#8221;none&#8221; column_link_target=&#8221;_self&#8221; gradient_direction=&#8221;left_to_right&#8221; overlay_strength=&#8221;0.3&#8243; width=&#8221;1\/1&#8243; tablet_width_inherit=&#8221;default&#8221; tablet_text_alignment=&#8221;default&#8221; phone_text_alignment=&#8221;default&#8221; column_border_width=&#8221;none&#8221; column_border_style=&#8221;solid&#8221; bg_image_animation=&#8221;none&#8221;][vc_column_text]\n<h2>Latest news from the Association<\/h2>\n[\/vc_column_text][recent_posts style=&#8221;list_featured_first_row&#8221; columns=&#8221;3&#8243; category=&#8221;all&#8221; order=&#8221;DESC&#8221; orderby=&#8221;date&#8221; image_loading=&#8221;default&#8221; blog_remove_post_author=&#8221;true&#8221; blog_remove_post_comment_number=&#8221;true&#8221; posts_per_page=&#8221;3&#8243;][\/vc_column][\/vc_row]\n","protected":false},"excerpt":{"rendered":"<p>[vc_row type=&#8221;full_width_background&#8221; full_screen_row_position=&#8221;middle&#8221; column_margin=&#8221;default&#8221; column_direction=&#8221;default&#8221; column_direction_tablet=&#8221;default&#8221; column_direction_phone=&#8221;default&#8221; bg_image=&#8221;6818&#8243; bg_position=&#8221;center center&#8221; bg_repeat=&#8221;no-repeat&#8221; scene_position=&#8221;center&#8221; top_padding=&#8221;13%&#8221; bottom_padding=&#8221;9%&#8221; text_color=&#8221;light&#8221; text_align=&#8221;left&#8221; row_border_radius=&#8221;none&#8221; row_border_radius_applies=&#8221;bg&#8221; enable_gradient=&#8221;true&#8221; color_overlay=&#8221;#045b9c&#8221; color_overlay_2=&#8221;rgba(43,170,226,0.88)&#8221; overlay_strength=&#8221;0.95&#8243; gradient_direction=&#8221;left_t_to_right_b&#8221; shape_divider_position=&#8221;bottom&#8221; bg_image_animation=&#8221;zoom-out&#8221;&#8230;<\/p>\n","protected":false},"author":1,"featured_media":0,"parent":0,"menu_order":0,"comment_status":"closed","ping_status":"closed","template":"","meta":{"_acf_changed":false,"_price":"","_stock":"","_tribe_ticket_header":"","_tribe_default_ticket_provider":"","_tribe_ticket_capacity":"0","_ticket_start_date":"","_ticket_end_date":"","_tribe_ticket_show_description":"","_tribe_ticket_show_not_going":false,"_tribe_ticket_use_global_stock":"","_tribe_ticket_global_stock_level":"","_global_stock_mode":"","_global_stock_cap":"","_tribe_rsvp_for_event":"","_tribe_ticket_going_count":"","_tribe_ticket_not_going_count":"","_tribe_tickets_list":"[]","_tribe_ticket_has_attendee_info_fields":false,"footnotes":"","_tec_slr_enabled":"","_tec_slr_layout":""},"class_list":["post-8068","page","type-page","status-publish"],"acf":[],"yoast_head":"<!-- This site is optimized with the Yoast SEO plugin v27.2 - https:\/\/yoast.com\/product\/yoast-seo-wordpress\/ -->\n<title>Interviews - ADECOSE<\/title>\n<meta name=\"robots\" content=\"index, follow, max-snippet:-1, max-image-preview:large, max-video-preview:-1\" \/>\n<link rel=\"canonical\" href=\"https:\/\/www.adecose.com\/en\/interviews\/\" \/>\n<meta property=\"og:locale\" content=\"en_US\" \/>\n<meta property=\"og:type\" content=\"article\" \/>\n<meta property=\"og:title\" content=\"Interviews - ADECOSE\" \/>\n<meta property=\"og:description\" content=\"[vc_row type=&#8221;full_width_background&#8221; full_screen_row_position=&#8221;middle&#8221; column_margin=&#8221;default&#8221; column_direction=&#8221;default&#8221; column_direction_tablet=&#8221;default&#8221; column_direction_phone=&#8221;default&#8221; bg_image=&#8221;6818&#8243; bg_position=&#8221;center center&#8221; bg_repeat=&#8221;no-repeat&#8221; scene_position=&#8221;center&#8221; top_padding=&#8221;13%&#8221; bottom_padding=&#8221;9%&#8221; text_color=&#8221;light&#8221; text_align=&#8221;left&#8221; row_border_radius=&#8221;none&#8221; row_border_radius_applies=&#8221;bg&#8221; enable_gradient=&#8221;true&#8221; color_overlay=&#8221;#045b9c&#8221; color_overlay_2=&#8221;rgba(43,170,226,0.88)&#8221; overlay_strength=&#8221;0.95&#8243; gradient_direction=&#8221;left_t_to_right_b&#8221; shape_divider_position=&#8221;bottom&#8221; bg_image_animation=&#8221;zoom-out&#8221;...\" \/>\n<meta property=\"og:url\" content=\"https:\/\/www.adecose.com\/en\/interviews\/\" \/>\n<meta property=\"og:site_name\" content=\"ADECOSE\" \/>\n<meta property=\"article:modified_time\" content=\"2021-07-19T08:46:01+00:00\" \/>\n<meta name=\"twitter:card\" content=\"summary_large_image\" \/>\n<meta name=\"twitter:label1\" content=\"Est. reading time\" \/>\n\t<meta name=\"twitter:data1\" content=\"5 minutes\" \/>\n<script type=\"application\/ld+json\" class=\"yoast-schema-graph\">{\"@context\":\"https:\/\/schema.org\",\"@graph\":[{\"@type\":\"WebPage\",\"@id\":\"https:\/\/www.adecose.com\/en\/interviews\/\",\"url\":\"https:\/\/www.adecose.com\/en\/interviews\/\",\"name\":\"Interviews - ADECOSE\",\"isPartOf\":{\"@id\":\"https:\/\/www.adecose.com\/gl\/#website\"},\"datePublished\":\"2020-10-19T16:33:55+00:00\",\"dateModified\":\"2021-07-19T08:46:01+00:00\",\"breadcrumb\":{\"@id\":\"https:\/\/www.adecose.com\/en\/interviews\/#breadcrumb\"},\"inLanguage\":\"en-US\",\"potentialAction\":[{\"@type\":\"ReadAction\",\"target\":[\"https:\/\/www.adecose.com\/en\/interviews\/\"]}]},{\"@type\":\"BreadcrumbList\",\"@id\":\"https:\/\/www.adecose.com\/en\/interviews\/#breadcrumb\",\"itemListElement\":[{\"@type\":\"ListItem\",\"position\":1,\"name\":\"Portada\",\"item\":\"https:\/\/www.adecose.com\/en\/\"},{\"@type\":\"ListItem\",\"position\":2,\"name\":\"Interviews\"}]},{\"@type\":\"WebSite\",\"@id\":\"https:\/\/www.adecose.com\/gl\/#website\",\"url\":\"https:\/\/www.adecose.com\/gl\/\",\"name\":\"ADECOSE\",\"description\":\"Spanish Association of Insurance and Reinsurance Brokers\",\"publisher\":{\"@id\":\"https:\/\/www.adecose.com\/gl\/#organization\"},\"potentialAction\":[{\"@type\":\"SearchAction\",\"target\":{\"@type\":\"EntryPoint\",\"urlTemplate\":\"https:\/\/www.adecose.com\/gl\/?s={search_term_string}\"},\"query-input\":{\"@type\":\"PropertyValueSpecification\",\"valueRequired\":true,\"valueName\":\"search_term_string\"}}],\"inLanguage\":\"en-US\"},{\"@type\":\"Organization\",\"@id\":\"https:\/\/www.adecose.com\/gl\/#organization\",\"name\":\"ADECOSE\",\"url\":\"https:\/\/www.adecose.com\/gl\/\",\"logo\":{\"@type\":\"ImageObject\",\"inLanguage\":\"en-US\",\"@id\":\"https:\/\/www.adecose.com\/gl\/#\/schema\/logo\/image\/\",\"url\":\"https:\/\/www.adecose.com\/wp-content\/uploads\/2020\/07\/favicon.png\",\"contentUrl\":\"https:\/\/www.adecose.com\/wp-content\/uploads\/2020\/07\/favicon.png\",\"width\":512,\"height\":512,\"caption\":\"ADECOSE\"},\"image\":{\"@id\":\"https:\/\/www.adecose.com\/gl\/#\/schema\/logo\/image\/\"}}]}<\/script>\n<!-- \/ Yoast SEO plugin. -->","yoast_head_json":{"title":"Interviews - ADECOSE","robots":{"index":"index","follow":"follow","max-snippet":"max-snippet:-1","max-image-preview":"max-image-preview:large","max-video-preview":"max-video-preview:-1"},"canonical":"https:\/\/www.adecose.com\/en\/interviews\/","og_locale":"en_US","og_type":"article","og_title":"Interviews - ADECOSE","og_description":"[vc_row type=&#8221;full_width_background&#8221; full_screen_row_position=&#8221;middle&#8221; column_margin=&#8221;default&#8221; column_direction=&#8221;default&#8221; column_direction_tablet=&#8221;default&#8221; column_direction_phone=&#8221;default&#8221; bg_image=&#8221;6818&#8243; bg_position=&#8221;center center&#8221; bg_repeat=&#8221;no-repeat&#8221; scene_position=&#8221;center&#8221; top_padding=&#8221;13%&#8221; bottom_padding=&#8221;9%&#8221; text_color=&#8221;light&#8221; text_align=&#8221;left&#8221; row_border_radius=&#8221;none&#8221; row_border_radius_applies=&#8221;bg&#8221; enable_gradient=&#8221;true&#8221; color_overlay=&#8221;#045b9c&#8221; color_overlay_2=&#8221;rgba(43,170,226,0.88)&#8221; overlay_strength=&#8221;0.95&#8243; gradient_direction=&#8221;left_t_to_right_b&#8221; shape_divider_position=&#8221;bottom&#8221; bg_image_animation=&#8221;zoom-out&#8221;...","og_url":"https:\/\/www.adecose.com\/en\/interviews\/","og_site_name":"ADECOSE","article_modified_time":"2021-07-19T08:46:01+00:00","twitter_card":"summary_large_image","twitter_misc":{"Est. reading time":"5 minutes"},"schema":{"@context":"https:\/\/schema.org","@graph":[{"@type":"WebPage","@id":"https:\/\/www.adecose.com\/en\/interviews\/","url":"https:\/\/www.adecose.com\/en\/interviews\/","name":"Interviews - ADECOSE","isPartOf":{"@id":"https:\/\/www.adecose.com\/gl\/#website"},"datePublished":"2020-10-19T16:33:55+00:00","dateModified":"2021-07-19T08:46:01+00:00","breadcrumb":{"@id":"https:\/\/www.adecose.com\/en\/interviews\/#breadcrumb"},"inLanguage":"en-US","potentialAction":[{"@type":"ReadAction","target":["https:\/\/www.adecose.com\/en\/interviews\/"]}]},{"@type":"BreadcrumbList","@id":"https:\/\/www.adecose.com\/en\/interviews\/#breadcrumb","itemListElement":[{"@type":"ListItem","position":1,"name":"Portada","item":"https:\/\/www.adecose.com\/en\/"},{"@type":"ListItem","position":2,"name":"Interviews"}]},{"@type":"WebSite","@id":"https:\/\/www.adecose.com\/gl\/#website","url":"https:\/\/www.adecose.com\/gl\/","name":"ADECOSE","description":"Spanish Association of Insurance and Reinsurance Brokers","publisher":{"@id":"https:\/\/www.adecose.com\/gl\/#organization"},"potentialAction":[{"@type":"SearchAction","target":{"@type":"EntryPoint","urlTemplate":"https:\/\/www.adecose.com\/gl\/?s={search_term_string}"},"query-input":{"@type":"PropertyValueSpecification","valueRequired":true,"valueName":"search_term_string"}}],"inLanguage":"en-US"},{"@type":"Organization","@id":"https:\/\/www.adecose.com\/gl\/#organization","name":"ADECOSE","url":"https:\/\/www.adecose.com\/gl\/","logo":{"@type":"ImageObject","inLanguage":"en-US","@id":"https:\/\/www.adecose.com\/gl\/#\/schema\/logo\/image\/","url":"https:\/\/www.adecose.com\/wp-content\/uploads\/2020\/07\/favicon.png","contentUrl":"https:\/\/www.adecose.com\/wp-content\/uploads\/2020\/07\/favicon.png","width":512,"height":512,"caption":"ADECOSE"},"image":{"@id":"https:\/\/www.adecose.com\/gl\/#\/schema\/logo\/image\/"}}]}},"ticketed":false,"_links":{"self":[{"href":"https:\/\/www.adecose.com\/en\/wp-json\/wp\/v2\/pages\/8068","targetHints":{"allow":["GET"]}}],"collection":[{"href":"https:\/\/www.adecose.com\/en\/wp-json\/wp\/v2\/pages"}],"about":[{"href":"https:\/\/www.adecose.com\/en\/wp-json\/wp\/v2\/types\/page"}],"author":[{"embeddable":true,"href":"https:\/\/www.adecose.com\/en\/wp-json\/wp\/v2\/users\/1"}],"replies":[{"embeddable":true,"href":"https:\/\/www.adecose.com\/en\/wp-json\/wp\/v2\/comments?post=8068"}],"version-history":[{"count":0,"href":"https:\/\/www.adecose.com\/en\/wp-json\/wp\/v2\/pages\/8068\/revisions"}],"wp:attachment":[{"href":"https:\/\/www.adecose.com\/en\/wp-json\/wp\/v2\/media?parent=8068"}],"curies":[{"name":"wp","href":"https:\/\/api.w.org\/{rel}","templated":true}]}}